{"version":"1.0","provider_name":"WISS GROUP","provider_url":"https:\/\/www.wiss.com.pl\/en","author_name":"admin","author_url":"https:\/\/www.wiss.com.pl\/en\/author\/admin\/","title":"WISS na pokazach w Pa\u0142acu Prezydenckim Powo\u0142anie Kapitu\u0142y Nagrody Gospodarczej Prezydenta RP - WISS","type":"rich","width":600,"height":338,"html":"<blockquote class=\"wp-embedded-content\" data-secret=\"UJg9Jf3Zw2\"><a href=\"https:\/\/www.wiss.com.pl\/en\/excepteur-sint-occaecat-cupidatat\/\">WISS na pokazach w Pa\u0142acu Prezydenckim Powo\u0142anie Kapitu\u0142y Nagrody Gospodarczej Prezydenta RP<\/a><\/blockquote><iframe sandbox=\"allow-scripts\" security=\"restricted\" src=\"https:\/\/www.wiss.com.pl\/en\/excepteur-sint-occaecat-cupidatat\/embed\/#?secret=UJg9Jf3Zw2\" width=\"600\" height=\"338\" title=\"&#8220;WISS na pokazach w Pa\u0142acu Prezydenckim Powo\u0142anie Kapitu\u0142y Nagrody Gospodarczej Prezydenta RP&#8221; &#8212; WISS\" data-secret=\"UJg9Jf3Zw2\" frameborder=\"0\" marginwidth=\"0\" marginheight=\"0\" scrolling=\"no\" class=\"wp-embedded-content\"><\/iframe><script>\n\/*! This file is auto-generated *\/\n!function(d,l){\"use strict\";l.querySelector&&d.addEventListener&&\"undefined\"!=typeof URL&&(d.wp=d.wp||{},d.wp.receiveEmbedMessage||(d.wp.receiveEmbedMessage=function(e){var t=e.data;if((t||t.secret||t.message||t.value)&&!\/[^a-zA-Z0-9]\/.test(t.secret)){for(var s,r,n,a=l.querySelectorAll('iframe[data-secret=\"'+t.secret+'\"]'),o=l.querySelectorAll('blockquote[data-secret=\"'+t.secret+'\"]'),c=new RegExp(\"^https?:$\",\"i\"),i=0;i<o.length;i++)o[i].style.display=\"none\";for(i=0;i<a.length;i++)s=a[i],e.source===s.contentWindow&&(s.removeAttribute(\"style\"),\"height\"===t.message?(1e3<(r=parseInt(t.value,10))?r=1e3:~~r<200&&(r=200),s.height=r):\"link\"===t.message&&(r=new URL(s.getAttribute(\"src\")),n=new URL(t.value),c.test(n.protocol))&&n.host===r.host&&l.activeElement===s&&(d.top.location.href=t.value))}},d.addEventListener(\"message\",d.wp.receiveEmbedMessage,!1),l.addEventListener(\"DOMContentLoaded\",function(){for(var e,t,s=l.querySelectorAll(\"iframe.wp-embedded-content\"),r=0;r<s.length;r++)(t=(e=s[r]).getAttribute(\"data-secret\"))||(t=Math.random().toString(36).substring(2,12),e.src+=\"#?secret=\"+t,e.setAttribute(\"data-secret\",t)),e.contentWindow.postMessage({message:\"ready\",secret:t},\"*\")},!1)))}(window,document);\n\/\/# sourceURL=https:\/\/www.wiss.com.pl\/wp-includes\/js\/wp-embed.min.js\n<\/script>","description":"Firma Wawrzaszek otrzyma\u0142a Nagrod\u0119 Gospodarcz\u0105 Prezydenta RP, kt\u00f3ra jest wyr\u00f3\u017cnieniem przyznawanym przez Prezydenta Rzeczypospolitej Polskiej. Nagrod\u0105 Prezydenta RP zostaj\u0105 uhonorowane najlepsze podmioty gospodarcze w kraju, kt\u00f3re przyczyniaj\u0105 si\u0119 do rozwoju naszej gospodarki, promuj\u0105 Polsk\u0119 na arenie mi\u0119dzynarodowej oraz stanowi\u0105 wz\u00f3r dla innych firm. Prezydent wyrazi\u0142 r\u00f3wnie\u017c przekonanie, \u017ce jest to&nbsp;\u201ejedno z wa\u017cniejszych wydarze\u0144 gospodarczych w [&hellip;]"}